{"id":5945,"date":"2024-08-26T15:59:55","date_gmt":"2024-08-26T13:59:55","guid":{"rendered":"https:\/\/www.vacalia.com\/blog\/?page_id=5945"},"modified":"2025-07-09T09:36:00","modified_gmt":"2025-07-09T07:36:00","slug":"alicante-urlab","status":"publish","type":"page","link":"https:\/\/www.vacalia.com\/blog\/alicante-urlab\/","title":{"rendered":"Alicante"},"content":{"rendered":"\t\t<div data-elementor-type=\"wp-page\" data-elementor-id=\"5945\" class=\"elementor elementor-5945\">\n\t\t\t\t<div class=\"elementor-element elementor-element-7ed118d7 e-con-full e-flex sc_inner_width_none sc_layouts_column_icons_position_left e-con e-parent\" data-id=\"7ed118d7\" data-element_type=\"container\">\n\t\t\t\t<div class=\"elementor-element elementor-element-1c3c5911 elementor-widget__width-inherit sc_fly_static elementor-widget elementor-widget-image\" data-id=\"1c3c5911\" data-element_type=\"widget\" data-widget_type=\"image.default\">\n\t\t\t\t<div class=\"elementor-widget-container\">\n\t\t\t<style>\/*! elementor - v3.23.0 - 05-08-2024 *\/\n.elementor-widget-image{text-align:center}.elementor-widget-image a{display:inline-block}.elementor-widget-image a img[src$=\".svg\"]{width:48px}.elementor-widget-image img{vertical-align:middle;display:inline-block}<\/style>\t\t\t\t\t\t\t\t\t\t<img fetchpriority=\"high\" decoding=\"async\" width=\"2560\" height=\"1707\" src=\"https:\/\/www.vacalia.com\/blog\/wp-content\/uploads\/2023\/09\/iStock-1143015415-Personalizado-scaled.jpg\" class=\"attachment-full size-full wp-image-4412\" alt=\"\" srcset=\"https:\/\/www.vacalia.com\/blog\/wp-content\/uploads\/2023\/09\/iStock-1143015415-Personalizado-scaled.jpg 2560w, https:\/\/www.vacalia.com\/blog\/wp-content\/uploads\/2023\/09\/iStock-1143015415-Personalizado-300x200.jpg 300w, https:\/\/www.vacalia.com\/blog\/wp-content\/uploads\/2023\/09\/iStock-1143015415-Personalizado-1024x683.jpg 1024w, https:\/\/www.vacalia.com\/blog\/wp-content\/uploads\/2023\/09\/iStock-1143015415-Personalizado-768x512.jpg 768w, https:\/\/www.vacalia.com\/blog\/wp-content\/uploads\/2023\/09\/iStock-1143015415-Personalizado-1536x1024.jpg 1536w, https:\/\/www.vacalia.com\/blog\/wp-content\/uploads\/2023\/09\/iStock-1143015415-Personalizado-2048x1365.jpg 2048w\" sizes=\"(max-width: 2560px) 100vw, 2560px\" \/>\t\t\t\t\t\t\t\t\t\t\t\t\t<\/div>\n\t\t\t\t<\/div>\n\t\t\t\t<div class=\"elementor-element elementor-element-5154b899 elementor-absolute sc_fly_static elementor-widget elementor-widget-heading\" data-id=\"5154b899\" data-element_type=\"widget\" data-settings=\"{&quot;_position&quot;:&quot;absolute&quot;}\" data-widget_type=\"heading.default\">\n\t\t\t\t<div class=\"elementor-widget-container\">\n\t\t\t<style>\/*! elementor - v3.23.0 - 05-08-2024 *\/\n.elementor-heading-title{padding:0;margin:0;line-height:1}.elementor-widget-heading .elementor-heading-title[class*=elementor-size-]>a{color:inherit;font-size:inherit;line-height:inherit}.elementor-widget-heading .elementor-heading-title.elementor-size-small{font-size:15px}.elementor-widget-heading .elementor-heading-title.elementor-size-medium{font-size:19px}.elementor-widget-heading .elementor-heading-title.elementor-size-large{font-size:29px}.elementor-widget-heading .elementor-heading-title.elementor-size-xl{font-size:39px}.elementor-widget-heading .elementor-heading-title.elementor-size-xxl{font-size:59px}<\/style><h1 class=\"elementor-heading-title elementor-size-default\">Alicante Entdecken<\/h1>\t\t<\/div>\n\t\t\t\t<\/div>\n\t\t\t\t<\/div>\n\t\t<div class=\"elementor-element elementor-element-48df5adb e-flex e-con-boxed sc_inner_width_none sc_layouts_column_icons_position_left e-con e-parent\" data-id=\"48df5adb\" data-element_type=\"container\">\n\t\t\t\t\t<div class=\"e-con-inner\">\n\t\t\t\t<div class=\"elementor-element elementor-element-795dbff sc_fly_static elementor-widget elementor-widget-heading\" data-id=\"795dbff\" data-element_type=\"widget\" data-widget_type=\"heading.default\">\n\t\t\t\t<div class=\"elementor-widget-container\">\n\t\t\t<h2 class=\"elementor-heading-title elementor-size-default\">H\u00f6hepunkte eines Urlaubs in Alicante<\/h2>\t\t<\/div>\n\t\t\t\t<\/div>\n\t\t\t\t<div class=\"elementor-element elementor-element-4ee5057 sc_fly_static elementor-widget elementor-widget-shortcode\" data-id=\"4ee5057\" data-element_type=\"widget\" data-widget_type=\"shortcode.default\">\n\t\t\t\t<div class=\"elementor-widget-container\">\n\t\t\t\t\t<div class=\"elementor-shortcode\"><div class=\"bannerBlog\"><div class=\"new-card-houses\">\n    <div class=\"likeOut likeDivOut\" style=\"display:none\">\n        <a data-id=\"2838\" class=\"likeOut_button_red likeBtnFav\"\n            aria-label=\"Megusta Vacalia\"><\/a>\n    <\/div>\n    <figure>\n        <img loading=\"lazy\" decoding=\"async\" \n            loading=\"lazy\" width=\"301\" height=\"200\"\n            src=\"\/\/media.vacalia.com\/photo\/reformatwebpfolder\/350\/200\/2838\/thumb-middle\/2838_06c902e5155c905c9c7ca2e45a53fefd.webp?v=21092023\"\n            alt=\"Frederic - Ferienhaus auf X\u00e0bia\/J\u00e1vea\"\/>\n                                                                        <div class=\"circleDiscount\">-8%<\/div>\n                        <\/figure>\n    <p itemprop=\"address\"><i class=\"ico-marker\"><\/i>X\u00e0bia\/J\u00e1vea, Alicante<\/p>\n    <h3 itemprop=\"name\">Frederic<\/h3>\n    <ul class=\"icon_list inline_list\">\n                              <li class=\"ico-pool\" title=\"Pool\">\n              <span itemprop=\"amenityFeature\">Pool<\/span>\n            <\/li>\n                      <li class=\"ico-wifi\" title=\"Wifi\">\n              <span itemprop=\"amenityFeature\">Wifi<\/span>\n            <\/li>\n                          <li class=\"ico-guests\" title=\"F\u00fcr 6 G\u00e4ste in X\u00e0bia\/j\u00e1vea.\">\n          <span itemprop=\"occupancy\">6<\/span>\n        <\/li>\n    <\/ul>\n            <span class=\"price\">Ab 100\u20ac \/ Nacht<\/span>\n                <a itemprop=\"url\" class=\"anchor\" href=\"https:\/\/www.vacalia.com\/de\/villa-frederic-xabia-javea-h19851\" aria-label=\"Frederic\"><\/a>\n<\/div><div class=\"new-card-houses\">\n    <div class=\"likeOut likeDivOut\" style=\"display:none\">\n        <a data-id=\"3259\" class=\"likeOut_button_red likeBtnFav\"\n            aria-label=\"Megusta Vacalia\"><\/a>\n    <\/div>\n    <figure>\n        <img loading=\"lazy\" decoding=\"async\" \n            loading=\"lazy\" width=\"301\" height=\"200\"\n            src=\"\/\/media.vacalia.com\/photo\/reformatwebpfolder\/350\/200\/3259\/thumb-middle\/3259_c04f4bc50d7feb05cd12832d2286b9b6.webp?v=21092023\"\n            alt=\"Casa lea - Ferienhaus auf Alcalal\u00ed\"\/>\n                                                                        <div class=\"circleDiscount\">-2%<\/div>\n                        <\/figure>\n    <p itemprop=\"address\"><i class=\"ico-marker\"><\/i>Alcalal\u00ed, Alicante<\/p>\n    <h3 itemprop=\"name\">Casa lea<\/h3>\n    <ul class=\"icon_list inline_list\">\n                              <li class=\"ico-pool\" title=\"Pool\">\n              <span itemprop=\"amenityFeature\">Pool<\/span>\n            <\/li>\n                      <li class=\"ico-airConditioning\" title=\"Klimaanlage\">\n              <span itemprop=\"amenityFeature\">Klimaanlage<\/span>\n            <\/li>\n                      <li class=\"ico-wifi\" title=\"Wifi\">\n              <span itemprop=\"amenityFeature\">Wifi<\/span>\n            <\/li>\n                      <li class=\"ico-pets\" title=\"Haustiere\">\n              <span itemprop=\"amenityFeature\">Haustiere<\/span>\n            <\/li>\n                          <li class=\"ico-guests\" title=\"F\u00fcr 5 G\u00e4ste in Alcalal\u00ed.\">\n          <span itemprop=\"occupancy\">5<\/span>\n        <\/li>\n    <\/ul>\n            <span class=\"price\">Ab 209\u20ac \/ Nacht<\/span>\n                <a itemprop=\"url\" class=\"anchor\" href=\"https:\/\/www.vacalia.com\/de\/villa-casa-lea-alcalali-h23047\" aria-label=\"Casa lea\"><\/a>\n<\/div><div class=\"new-card-houses\">\n    <div class=\"likeOut likeDivOut\" style=\"display:none\">\n        <a data-id=\"2837\" class=\"likeOut_button_red likeBtnFav\"\n            aria-label=\"Megusta Vacalia\"><\/a>\n    <\/div>\n    <figure>\n        <img loading=\"lazy\" decoding=\"async\" \n            loading=\"lazy\" width=\"301\" height=\"200\"\n            src=\"\/\/media.vacalia.com\/photo\/reformatwebpfolder\/350\/200\/2837\/thumb-middle\/2837_a5029b586275288353e119c208bf09d4.webp?v=21092023\"\n            alt=\"Gladiolo - Ferienhaus auf X\u00e0bia\/J\u00e1vea\"\/>\n                                                                        <div class=\"circleDiscount\">-11%<\/div>\n                        <\/figure>\n    <p itemprop=\"address\"><i class=\"ico-marker\"><\/i>X\u00e0bia\/J\u00e1vea, Alicante<\/p>\n    <h3 itemprop=\"name\">Gladiolo<\/h3>\n    <ul class=\"icon_list inline_list\">\n                              <li class=\"ico-pool\" title=\"Pool\">\n              <span itemprop=\"amenityFeature\">Pool<\/span>\n            <\/li>\n                      <li class=\"ico-airConditioning\" title=\"Klimaanlage\">\n              <span itemprop=\"amenityFeature\">Klimaanlage<\/span>\n            <\/li>\n                      <li class=\"ico-wifi\" title=\"Wifi\">\n              <span itemprop=\"amenityFeature\">Wifi<\/span>\n            <\/li>\n                          <li class=\"ico-guests\" title=\"F\u00fcr 6 G\u00e4ste in X\u00e0bia\/j\u00e1vea.\">\n          <span itemprop=\"occupancy\">6<\/span>\n        <\/li>\n    <\/ul>\n            <span class=\"price\">Ab 101\u20ac \/ Nacht<\/span>\n                <a itemprop=\"url\" class=\"anchor\" href=\"https:\/\/www.vacalia.com\/de\/villa-gladiolo-xabia-javea-h19641\" aria-label=\"Gladiolo\"><\/a>\n<\/div><div class=\"new-card-houses\">\n    <div class=\"likeOut likeDivOut\" style=\"display:none\">\n        <a data-id=\"5466\" class=\"likeOut_button_red likeBtnFav\"\n            aria-label=\"Megusta Vacalia\"><\/a>\n    <\/div>\n    <figure>\n        <img loading=\"lazy\" decoding=\"async\" \n            loading=\"lazy\" width=\"301\" height=\"200\"\n            src=\"\/\/media.vacalia.com\/photo\/reformatwebpfolder\/350\/200\/5466\/thumb-middle\/5466_a1557687c6be97dd65e5a93cca1ebd90.webp?v=21092023\"\n            alt=\"Oltavista 10 pax - Ferienhaus auf Benissa\"\/>\n                                                                    <\/figure>\n    <p itemprop=\"address\"><i class=\"ico-marker\"><\/i>Benissa, Alicante<\/p>\n    <h3 itemprop=\"name\">Oltavista 10 pax<\/h3>\n    <ul class=\"icon_list inline_list\">\n                              <li class=\"ico-pool\" title=\"Pool\">\n              <span itemprop=\"amenityFeature\">Pool<\/span>\n            <\/li>\n                      <li class=\"ico-airConditioning\" title=\"Klimaanlage\">\n              <span itemprop=\"amenityFeature\">Klimaanlage<\/span>\n            <\/li>\n                      <li class=\"ico-wifi\" title=\"Wifi\">\n              <span itemprop=\"amenityFeature\">Wifi<\/span>\n            <\/li>\n                      <li class=\"ico-pets\" title=\"Haustiere\">\n              <span itemprop=\"amenityFeature\">Haustiere<\/span>\n            <\/li>\n                          <li class=\"ico-guests\" title=\"F\u00fcr 10 G\u00e4ste in Benissa.\">\n          <span itemprop=\"occupancy\">10<\/span>\n        <\/li>\n    <\/ul>\n            <span class=\"price\">Ab 320\u20ac \/ Nacht<\/span>\n                <a itemprop=\"url\" class=\"anchor\" href=\"https:\/\/www.vacalia.com\/de\/villa-oltavista-10-pax-benissa-h31111\" aria-label=\"Oltavista 10 pax\"><\/a>\n<\/div><\/div><\/div>\n\t\t\t\t<\/div>\n\t\t\t\t<\/div>\n\t\t\t\t<div class=\"elementor-element elementor-element-6c79994 animation_type_block sc_fly_static elementor-invisible elementor-widget elementor-widget-trx_sc_button\" data-id=\"6c79994\" data-element_type=\"widget\" data-settings=\"{&quot;_animation&quot;:&quot;tripster-fadeinup&quot;}\" data-widget_type=\"trx_sc_button.default\">\n\t\t\t\t<div class=\"elementor-widget-container\">\n\t\t\t<div\tclass=\"sc_item_button sc_button_wrap sc_align_center\"><a href=\"https:\/\/www.vacalia.com\/de\/ferienhaus-alicante\" class=\"sc_button sc_button_default sc_button_size_normal sc_button_icon_left\"><span class=\"sc_button_text\"><span class=\"sc_button_title\">Zeige alle H\u00e4user<\/span><\/span><\/a><\/div>\t\t<\/div>\n\t\t\t\t<\/div>\n\t\t\t\t<div class=\"elementor-element elementor-element-64b48ced sc_height_medium sc_fly_static elementor-widget elementor-widget-spacer\" data-id=\"64b48ced\" data-element_type=\"widget\" data-widget_type=\"spacer.default\">\n\t\t\t\t<div class=\"elementor-widget-container\">\n\t\t\t<style>\/*! elementor - v3.23.0 - 05-08-2024 *\/\n.elementor-column .elementor-spacer-inner{height:var(--spacer-size)}.e-con{--container-widget-width:100%}.e-con-inner>.elementor-widget-spacer,.e-con>.elementor-widget-spacer{width:var(--container-widget-width,var(--spacer-size));--align-self:var(--container-widget-align-self,initial);--flex-shrink:0}.e-con-inner>.elementor-widget-spacer>.elementor-widget-container,.e-con>.elementor-widget-spacer>.elementor-widget-container{height:100%;width:100%}.e-con-inner>.elementor-widget-spacer>.elementor-widget-container>.elementor-spacer,.e-con>.elementor-widget-spacer>.elementor-widget-container>.elementor-spacer{height:100%}.e-con-inner>.elementor-widget-spacer>.elementor-widget-container>.elementor-spacer>.elementor-spacer-inner,.e-con>.elementor-widget-spacer>.elementor-widget-container>.elementor-spacer>.elementor-spacer-inner{height:var(--container-widget-height,var(--spacer-size))}.e-con-inner>.elementor-widget-spacer.elementor-widget-empty,.e-con>.elementor-widget-spacer.elementor-widget-empty{position:relative;min-height:22px;min-width:22px}.e-con-inner>.elementor-widget-spacer.elementor-widget-empty .elementor-widget-empty-icon,.e-con>.elementor-widget-spacer.elementor-widget-empty .elementor-widget-empty-icon{position:absolute;top:0;bottom:0;left:0;right:0;margin:auto;padding:0;width:22px;height:22px}<\/style>\t\t<div class=\"elementor-spacer\">\n\t\t\t<div class=\"elementor-spacer-inner\"><\/div>\n\t\t<\/div>\n\t\t\t\t<\/div>\n\t\t\t\t<\/div>\n\t\t\t\t<div class=\"elementor-element elementor-element-67bdf8b9 sc_fly_static elementor-widget elementor-widget-trx_sc_blogger\" data-id=\"67bdf8b9\" data-element_type=\"widget\" data-widget_type=\"trx_sc_blogger.default\">\n\t\t\t\t<div class=\"elementor-widget-container\">\n\t\t\t<div \t\tclass=\"sc_blogger sc_blogger_default sc_blogger_default_over_bottom_extra sc_item_filters_tabs_none alignnone\"><h2 class=\"sc_item_title sc_blogger_title sc_align_center sc_item_title_style_default\"\n\t\t\t><span class=\"sc_item_title_text\">NEUESTE VER\u00d6FFENTLICHUNGEN AUS ALICANTE<\/span><\/h2><div class=\"sc_blogger_columns_wrap sc_item_columns sc_item_posts_container trx_addons_columns_wrap columns_padding_bottom columns_in_single_row\"><div class=\"trx_addons_column-1_2\"><div data-post-id=\"7211\" data-item-number=\"1\" class=\"sc_blogger_item sc_item_container post_container sc_blogger_item_default sc_blogger_item_default_over_bottom_extra sc_blogger_item_odd sc_blogger_item_align_none post_format_standard sc_blogger_item_with_image sc_blogger_item_no_excerpt sc_blogger_item_image_position_top post-7211 post type-post status-publish format-standard has-post-thumbnail hentry category-alicante-de category-alicante-fuhrer category-allgemein category-was-kann-man-in-alicante-machen category-was-man-in-alicante-sehen-kann\"><div class=\"sc_blogger_item_body\"><div class=\"post_featured with_thumb hover_zoom sc_item_featured sc_blogger_item_featured\"><img decoding=\"async\" width=\"670\" height=\"300\" src=\"https:\/\/www.vacalia.com\/blog\/wp-content\/uploads\/2025\/05\/senderismo-parque-natural-montgo.jpg\" class=\"attachment-tripster-thumb-big size-tripster-thumb-big wp-post-image\" alt=\"Senderismo en el parque natural de montgo\" srcset=\"https:\/\/www.vacalia.com\/blog\/wp-content\/uploads\/2025\/05\/senderismo-parque-natural-montgo.jpg 670w, https:\/\/www.vacalia.com\/blog\/wp-content\/uploads\/2025\/05\/senderismo-parque-natural-montgo-300x134.jpg 300w, https:\/\/www.vacalia.com\/blog\/wp-content\/uploads\/2025\/05\/senderismo-parque-natural-montgo-370x166.jpg 370w\" sizes=\"(max-width: 767px) 100vw, 670px\" \/>\t\t\t\t\t\t<div class=\"mask\"><\/div>\n\t\t\t\t\t\t\t\t\t<a href=\"https:\/\/www.vacalia.com\/blog\/besuch-des-naturparks-montgo\/\"  aria-hidden=\"true\" class=\"icons\"><\/a>\n\t\t\t<div class=\"post_info_bl\"><h3 class=\"sc_blogger_item_title entry-title\" data-item-number=\"1\"><a href=\"https:\/\/www.vacalia.com\/blog\/besuch-des-naturparks-montgo\/\" rel=\"bookmark\">Besuch des Naturparks Montg\u00f3<\/a><\/h3><div class=\"post_meta sc_blogger_item_meta post_meta\"><span class=\"post_meta_item post_date\"><a href=\"https:\/\/www.vacalia.com\/blog\/besuch-des-naturparks-montgo\/\">23 mayo, 2025<\/a><\/span><\/div><\/div><a class=\"post_link sc_blogger_item_link\" href=\"https:\/\/www.vacalia.com\/blog\/besuch-des-naturparks-montgo\/\"><\/a><\/div><\/div><\/div><\/div><div class=\"trx_addons_column-1_2\"><div data-post-id=\"7152\" data-item-number=\"2\" class=\"sc_blogger_item sc_item_container post_container sc_blogger_item_default sc_blogger_item_default_over_bottom_extra sc_blogger_item_even sc_blogger_item_align_none post_format_standard sc_blogger_item_with_image sc_blogger_item_no_excerpt sc_blogger_item_image_position_top post-7152 post type-post status-publish format-standard has-post-thumbnail hentry category-alicante-de category-alicante-fuhrer category-allgemein category-was-kann-man-in-alicante-machen category-was-man-in-alicante-sehen-kann\"><div class=\"sc_blogger_item_body\"><div class=\"post_featured with_thumb hover_zoom sc_item_featured sc_blogger_item_featured\"><img decoding=\"async\" width=\"670\" height=\"300\" src=\"https:\/\/www.vacalia.com\/blog\/wp-content\/uploads\/2025\/04\/barranco-del-infierno.jpg\" class=\"attachment-tripster-thumb-big size-tripster-thumb-big wp-post-image\" alt=\"\" srcset=\"https:\/\/www.vacalia.com\/blog\/wp-content\/uploads\/2025\/04\/barranco-del-infierno.jpg 670w, https:\/\/www.vacalia.com\/blog\/wp-content\/uploads\/2025\/04\/barranco-del-infierno-300x134.jpg 300w, https:\/\/www.vacalia.com\/blog\/wp-content\/uploads\/2025\/04\/barranco-del-infierno-370x166.jpg 370w\" sizes=\"(max-width: 767px) 100vw, 670px\" \/>\t\t\t\t\t\t<div class=\"mask\"><\/div>\n\t\t\t\t\t\t\t\t\t<a href=\"https:\/\/www.vacalia.com\/blog\/barranco-del-infierno-kathedrale-des-wanderns\/\"  aria-hidden=\"true\" class=\"icons\"><\/a>\n\t\t\t<div class=\"post_info_bl\"><h3 class=\"sc_blogger_item_title entry-title\" data-item-number=\"2\"><a href=\"https:\/\/www.vacalia.com\/blog\/barranco-del-infierno-kathedrale-des-wanderns\/\" rel=\"bookmark\">Heute gehen wir durch den Barranco del Infierno: die Kathedrale des Wanderns.<\/a><\/h3><div class=\"post_meta sc_blogger_item_meta post_meta\"><span class=\"post_meta_item post_date\"><a href=\"https:\/\/www.vacalia.com\/blog\/barranco-del-infierno-kathedrale-des-wanderns\/\">25 abril, 2025<\/a><\/span><\/div><\/div><a class=\"post_link sc_blogger_item_link\" href=\"https:\/\/www.vacalia.com\/blog\/barranco-del-infierno-kathedrale-des-wanderns\/\"><\/a><\/div><\/div><\/div><\/div><\/div><\/div><!-- \/.sc_blogger -->\t\t<\/div>\n\t\t\t\t<\/div>\n\t\t\t\t<div class=\"elementor-element elementor-element-1371396a sc_fly_static elementor-widget elementor-widget-trx_sc_blogger\" data-id=\"1371396a\" data-element_type=\"widget\" data-widget_type=\"trx_sc_blogger.default\">\n\t\t\t\t<div class=\"elementor-widget-container\">\n\t\t\t<div \t\tclass=\"sc_blogger sc_blogger_classic-masonry sc_blogger_classic-masonry_default sc_item_filters_tabs_none alignnone\"><div class=\"sc_blogger_content sc_item_content sc_item_posts_container posts_container classic-masonry_wrap classic-masonry_3 masonry_wrap masonry_3\"><div class=\"masonry_item masonry_item-1_3\"><article id=\"post-7061\" data-post-id=\"7061\"\n\tclass=\"post_item post_item_container post_format_standard post_layout_classic post_layout_classic_3 post_layout_classic-masonry post_layout_classic-masonry_3 post-7061 post type-post status-publish format-standard has-post-thumbnail hentry category-alicante-de category-alicante-fuhrer category-allgemein category-was-kann-man-in-alicante-machen category-was-man-in-alicante-sehen-kann\">\n\t<div class=\"post_featured with_thumb hover_zoom\"><img loading=\"lazy\" decoding=\"async\" width=\"370\" height=\"166\" src=\"https:\/\/www.vacalia.com\/blog\/wp-content\/uploads\/2025\/03\/subida-penon-de-ifach-370x166.jpg\" class=\"attachment-tripster-thumb-masonry size-tripster-thumb-masonry wp-post-image\" alt=\"\" srcset=\"https:\/\/www.vacalia.com\/blog\/wp-content\/uploads\/2025\/03\/subida-penon-de-ifach-370x166.jpg 370w, https:\/\/www.vacalia.com\/blog\/wp-content\/uploads\/2025\/03\/subida-penon-de-ifach-300x134.jpg 300w, https:\/\/www.vacalia.com\/blog\/wp-content\/uploads\/2025\/03\/subida-penon-de-ifach.jpg 670w\" sizes=\"(max-width: 767px) 100vw, 370px\" \/>\t\t\t\t\t\t<div class=\"mask\"><\/div>\n\t\t\t\t\t\t\t\t\t<a href=\"https:\/\/www.vacalia.com\/blog\/wandern-in-el-penon-de-ifach\/\"  aria-hidden=\"true\" class=\"icons\"><\/a>\n\t\t\t<\/div>\t<div class=\"classic-content-wrap\">\n\t\t\t\t\t<div class=\"post_header entry-header\">\n\t\t\t\t<h4 class=\"post_title entry-title\"><a href=\"https:\/\/www.vacalia.com\/blog\/wandern-in-el-penon-de-ifach\/\" rel=\"bookmark\">Wandern in El Pe\u00f1\u00f3n de Ifach<\/a><\/h4>\t\t\t<\/div><!-- .entry-header -->\n\t\t\t<div class=\"post_meta\"><span class=\"post_meta_item post_date\"><a href=\"https:\/\/www.vacalia.com\/blog\/wandern-in-el-penon-de-ifach\/\">21 marzo, 2025<\/a><\/span><\/div>\t<\/div>\n<\/article><\/div><div class=\"masonry_item masonry_item-1_3\"><article id=\"post-5876\" data-post-id=\"5876\"\n\tclass=\"post_item post_item_container post_format_standard post_layout_classic post_layout_classic_3 post_layout_classic-masonry post_layout_classic-masonry_3 post-5876 post type-post status-publish format-standard has-post-thumbnail hentry category-allgemein category-alicante-de category-alicante-fuhrer category-was-kann-man-in-alicante-machen category-was-man-in-alicante-sehen-kann\">\n\t<div class=\"post_featured with_thumb hover_zoom\"><img loading=\"lazy\" decoding=\"async\" width=\"370\" height=\"166\" src=\"https:\/\/www.vacalia.com\/blog\/wp-content\/uploads\/2024\/08\/Cueva-de-los-arcos-1-370x166.jpg\" class=\"attachment-tripster-thumb-masonry size-tripster-thumb-masonry wp-post-image\" alt=\"\" srcset=\"https:\/\/www.vacalia.com\/blog\/wp-content\/uploads\/2024\/08\/Cueva-de-los-arcos-1-370x166.jpg 370w, https:\/\/www.vacalia.com\/blog\/wp-content\/uploads\/2024\/08\/Cueva-de-los-arcos-1-300x134.jpg 300w, https:\/\/www.vacalia.com\/blog\/wp-content\/uploads\/2024\/08\/Cueva-de-los-arcos-1.jpg 670w\" sizes=\"(max-width: 767px) 100vw, 370px\" \/>\t\t\t\t\t\t<div class=\"mask\"><\/div>\n\t\t\t\t\t\t\t\t\t<a href=\"https:\/\/www.vacalia.com\/blog\/entdeckung-der-meereshohlen-von-alicante\/\"  aria-hidden=\"true\" class=\"icons\"><\/a>\n\t\t\t<\/div>\t<div class=\"classic-content-wrap\">\n\t\t\t\t\t<div class=\"post_header entry-header\">\n\t\t\t\t<h4 class=\"post_title entry-title\"><a href=\"https:\/\/www.vacalia.com\/blog\/entdeckung-der-meereshohlen-von-alicante\/\" rel=\"bookmark\">Entdeckung der Meeresh\u00f6hlen von Alicante: Paddelsurfen und Kajakfahren<\/a><\/h4>\t\t\t<\/div><!-- .entry-header -->\n\t\t\t<div class=\"post_meta\"><span class=\"post_meta_item post_date\"><a href=\"https:\/\/www.vacalia.com\/blog\/entdeckung-der-meereshohlen-von-alicante\/\">26 agosto, 2024<\/a><\/span><\/div>\t<\/div>\n<\/article><\/div><div class=\"masonry_item masonry_item-1_3\"><article id=\"post-5305\" data-post-id=\"5305\"\n\tclass=\"post_item post_item_container post_format_standard post_layout_classic post_layout_classic_3 post_layout_classic-masonry post_layout_classic-masonry_3 post-5305 post type-post status-publish format-standard has-post-thumbnail hentry category-alicante-de category-alicante-fuhrer category-allgemein category-gastronomie-von-alicante category-was-man-in-alicante-sehen-kann\">\n\t<div class=\"post_featured with_thumb hover_zoom\"><img loading=\"lazy\" decoding=\"async\" width=\"370\" height=\"166\" src=\"https:\/\/www.vacalia.com\/blog\/wp-content\/uploads\/2024\/05\/moli-de-salt-Benilloba1.jpg\" class=\"attachment-tripster-thumb-masonry size-tripster-thumb-masonry wp-post-image\" alt=\"\" srcset=\"https:\/\/www.vacalia.com\/blog\/wp-content\/uploads\/2024\/05\/moli-de-salt-Benilloba1.jpg 670w, https:\/\/www.vacalia.com\/blog\/wp-content\/uploads\/2024\/05\/moli-de-salt-Benilloba1-300x134.jpg 300w\" sizes=\"(max-width: 767px) 100vw, 370px\" \/>\t\t\t\t\t\t<div class=\"mask\"><\/div>\n\t\t\t\t\t\t\t\t\t<a href=\"https:\/\/www.vacalia.com\/blog\/benilloba-erforschen-natur-und-geschichte\/\"  aria-hidden=\"true\" class=\"icons\"><\/a>\n\t\t\t<\/div>\t<div class=\"classic-content-wrap\">\n\t\t\t\t\t<div class=\"post_header entry-header\">\n\t\t\t\t<h4 class=\"post_title entry-title\"><a href=\"https:\/\/www.vacalia.com\/blog\/benilloba-erforschen-natur-und-geschichte\/\" rel=\"bookmark\">Benilloba erforschen: Natur und Geschichte<\/a><\/h4>\t\t\t<\/div><!-- .entry-header -->\n\t\t\t<div class=\"post_meta\"><span class=\"post_meta_item post_date\"><a href=\"https:\/\/www.vacalia.com\/blog\/benilloba-erforschen-natur-und-geschichte\/\">17 mayo, 2024<\/a><\/span><\/div>\t<\/div>\n<\/article><\/div><div class=\"masonry_item masonry_item-1_3\"><article id=\"post-5229\" data-post-id=\"5229\"\n\tclass=\"post_item post_item_container post_format_standard post_layout_classic post_layout_classic_3 post_layout_classic-masonry post_layout_classic-masonry_3 post-5229 post type-post status-publish format-standard has-post-thumbnail hentry category-alicante-de category-alicante-fuhrer category-allgemein category-was-man-in-alicante-sehen-kann\">\n\t<div class=\"post_featured with_thumb hover_zoom\"><img loading=\"lazy\" decoding=\"async\" width=\"370\" height=\"166\" src=\"https:\/\/www.vacalia.com\/blog\/wp-content\/uploads\/2024\/05\/playa-de-Postiguet-Alicante.jpg\" class=\"attachment-tripster-thumb-masonry size-tripster-thumb-masonry wp-post-image\" alt=\"\" srcset=\"https:\/\/www.vacalia.com\/blog\/wp-content\/uploads\/2024\/05\/playa-de-Postiguet-Alicante.jpg 670w, https:\/\/www.vacalia.com\/blog\/wp-content\/uploads\/2024\/05\/playa-de-Postiguet-Alicante-300x134.jpg 300w\" sizes=\"(max-width: 767px) 100vw, 370px\" \/>\t\t\t\t\t\t<div class=\"mask\"><\/div>\n\t\t\t\t\t\t\t\t\t<a href=\"https:\/\/www.vacalia.com\/blog\/orte-die-man-in-alicante-nicht-verpassen-sollte-2\/\"  aria-hidden=\"true\" class=\"icons\"><\/a>\n\t\t\t<\/div>\t<div class=\"classic-content-wrap\">\n\t\t\t\t\t<div class=\"post_header entry-header\">\n\t\t\t\t<h4 class=\"post_title entry-title\"><a href=\"https:\/\/www.vacalia.com\/blog\/orte-die-man-in-alicante-nicht-verpassen-sollte-2\/\" rel=\"bookmark\">Orte, die man in der Stadt Alicante nicht verpassen sollte<\/a><\/h4>\t\t\t<\/div><!-- .entry-header -->\n\t\t\t<div class=\"post_meta\"><span class=\"post_meta_item post_date\"><a href=\"https:\/\/www.vacalia.com\/blog\/orte-die-man-in-alicante-nicht-verpassen-sollte-2\/\">3 mayo, 2024<\/a><\/span><\/div>\t<\/div>\n<\/article><\/div><div class=\"masonry_item masonry_item-1_3\"><article id=\"post-5186\" data-post-id=\"5186\"\n\tclass=\"post_item post_item_container post_format_standard post_layout_classic post_layout_classic_3 post_layout_classic-masonry post_layout_classic-masonry_3 post-5186 post type-post status-publish format-standard has-post-thumbnail hentry category-alicante-de category-alicante-fuhrer category-allgemein category-was-kann-man-in-alicante-machen\">\n\t<div class=\"post_featured with_thumb hover_zoom\"><img loading=\"lazy\" decoding=\"async\" width=\"370\" height=\"166\" src=\"https:\/\/www.vacalia.com\/blog\/wp-content\/uploads\/2024\/04\/vistas-castell-de-Guadalest.jpg\" class=\"attachment-tripster-thumb-masonry size-tripster-thumb-masonry wp-post-image\" alt=\"\" srcset=\"https:\/\/www.vacalia.com\/blog\/wp-content\/uploads\/2024\/04\/vistas-castell-de-Guadalest.jpg 670w, https:\/\/www.vacalia.com\/blog\/wp-content\/uploads\/2024\/04\/vistas-castell-de-Guadalest-300x134.jpg 300w\" sizes=\"(max-width: 767px) 100vw, 370px\" \/>\t\t\t\t\t\t<div class=\"mask\"><\/div>\n\t\t\t\t\t\t\t\t\t<a href=\"https:\/\/www.vacalia.com\/blog\/castell-de-guadalest\/\"  aria-hidden=\"true\" class=\"icons\"><\/a>\n\t\t\t<\/div>\t<div class=\"classic-content-wrap\">\n\t\t\t\t\t<div class=\"post_header entry-header\">\n\t\t\t\t<h4 class=\"post_title entry-title\"><a href=\"https:\/\/www.vacalia.com\/blog\/castell-de-guadalest\/\" rel=\"bookmark\">Castell de Guadalest eines der sch\u00f6nsten D\u00f6rfer Spaniens<\/a><\/h4>\t\t\t<\/div><!-- .entry-header -->\n\t\t\t<div class=\"post_meta\"><span class=\"post_meta_item post_date\"><a href=\"https:\/\/www.vacalia.com\/blog\/castell-de-guadalest\/\">19 abril, 2024<\/a><\/span><\/div>\t<\/div>\n<\/article><\/div><div class=\"masonry_item masonry_item-1_3\"><article id=\"post-4180\" data-post-id=\"4180\"\n\tclass=\"post_item post_item_container post_format_standard post_layout_classic post_layout_classic_3 post_layout_classic-masonry post_layout_classic-masonry_3 post-4180 post type-post status-publish format-standard has-post-thumbnail hentry category-alicante-de category-alicante-fuhrer category-allgemein category-was-kann-man-in-alicante-machen\">\n\t<div class=\"post_featured with_thumb hover_zoom\"><img loading=\"lazy\" decoding=\"async\" width=\"370\" height=\"166\" src=\"https:\/\/www.vacalia.com\/blog\/wp-content\/uploads\/2023\/08\/cuevas-de-canelobre.jpg\" class=\"attachment-tripster-thumb-masonry size-tripster-thumb-masonry wp-post-image\" alt=\"\" srcset=\"https:\/\/www.vacalia.com\/blog\/wp-content\/uploads\/2023\/08\/cuevas-de-canelobre.jpg 670w, https:\/\/www.vacalia.com\/blog\/wp-content\/uploads\/2023\/08\/cuevas-de-canelobre-300x134.jpg 300w\" sizes=\"(max-width: 767px) 100vw, 370px\" \/>\t\t\t\t\t\t<div class=\"mask\"><\/div>\n\t\t\t\t\t\t\t\t\t<a href=\"https:\/\/www.vacalia.com\/blog\/ausfluge-in-alicante\/\"  aria-hidden=\"true\" class=\"icons\"><\/a>\n\t\t\t<\/div>\t<div class=\"classic-content-wrap\">\n\t\t\t\t\t<div class=\"post_header entry-header\">\n\t\t\t\t<h4 class=\"post_title entry-title\"><a href=\"https:\/\/www.vacalia.com\/blog\/ausfluge-in-alicante\/\" rel=\"bookmark\">Ausfl\u00fcge in Alicante<\/a><\/h4>\t\t\t<\/div><!-- .entry-header -->\n\t\t\t<div class=\"post_meta\"><span class=\"post_meta_item post_date\"><a href=\"https:\/\/www.vacalia.com\/blog\/ausfluge-in-alicante\/\">4 agosto, 2023<\/a><\/span><\/div>\t<\/div>\n<\/article><\/div><\/div><\/div><!-- \/.sc_blogger -->\t\t<\/div>\n\t\t\t\t<\/div>\n\t\t\t\t<div class=\"elementor-element elementor-element-11626a68 sc_height_large sc_fly_static elementor-widget elementor-widget-spacer\" data-id=\"11626a68\" data-element_type=\"widget\" data-widget_type=\"spacer.default\">\n\t\t\t\t<div class=\"elementor-widget-container\">\n\t\t\t\t\t<div class=\"elementor-spacer\">\n\t\t\t<div class=\"elementor-spacer-inner\"><\/div>\n\t\t<\/div>\n\t\t\t\t<\/div>\n\t\t\t\t<\/div>\n\t\t\t\t<div class=\"elementor-element elementor-element-482f9207 sc_fly_static elementor-widget elementor-widget-heading\" data-id=\"482f9207\" data-element_type=\"widget\" data-widget_type=\"heading.default\">\n\t\t\t\t<div class=\"elementor-widget-container\">\n\t\t\t<h2 class=\"elementor-heading-title elementor-size-default\">Ihr Urlaub in Alicante in Bildern<\/h2>\t\t<\/div>\n\t\t\t\t<\/div>\n\t\t\t\t<div class=\"elementor-element elementor-element-22499165 animation_type_block sc_fly_static elementor-invisible elementor-widget elementor-widget-trx_widget_video_list\" data-id=\"22499165\" data-element_type=\"widget\" data-settings=\"{&quot;_animation&quot;:&quot;tripster-fadeinup&quot;}\" data-widget_type=\"trx_widget_video_list.default\">\n\t\t\t\t<div class=\"elementor-widget-container\">\n\t\t\t<div class=\"widget_area sc_widget_video_list\"><aside class=\"widget widget_video_list\"><div class=\"trx_addons_video_list trx_addons_video_list_default trx_addons_video_list_controller_right\"><div class=\"trx_addons_video_list_video_wrap\"><div id=\"sc_video_505381689\" class=\"trx_addons_video_player with_cover hover_play\"><img loading=\"lazy\" decoding=\"async\" src=\"\/\/www.vacalia.com\/blog\/wp-content\/uploads\/2024\/05\/plaza-ayuntamiento-Alicante.jpg\" alt=\"Video cover\" width=\"670\" height=\"300\"><div class=\"video_mask\"><\/div><div class=\"video_hover\" data-video=\"&lt;iframe allow=&quot;autoplay&quot; src=&quot;https:\/\/www.youtube.com\/embed\/KGWVr7Lr8jo?feature=oembed&amp;%23038%3Bwmode=transparent&amp;%23038%3Borigin=https%3A%2F%2Fwww.vacalia.com%2Fblog&amp;%23038%3Bwidgetid=1&amp;%23038%3Benablejsapi=1&amp;%23038%3Bdisablekb=1&amp;%23038%3Bmodestbranding=1&amp;%23038%3Biv_load_policy=3&amp;%23038%3Brel=0&amp;%23038%3Bshowinfo=0&amp;%23038%3Bplaysinline=1&amp;autoplay=1&quot; width=&quot;1200&quot; height=&quot;675&quot;&gt;&lt;\/iframe&gt;\"><\/div><div class=\"video_embed video_frame\"><\/div><\/div><\/div><div class=\"trx_addons_video_list_controller_wrap\"><div class=\"trx_addons_video_list_controller_item trx_addons_video_list_controller_item_active\"\n\t\t\t\t\t\tdata-video=\"&lt;div id=&quot;sc_video_832553885&quot; class=&quot;trx_addons_video_player without_cover&quot;&gt;&lt;div class=&quot;video_embed video_frame&quot;&gt;&lt;iframe allow=&quot;autoplay&quot; src=&quot;https:\/\/www.youtube.com\/embed\/KGWVr7Lr8jo?feature=oembed&amp;%23038%3Bwmode=transparent&amp;%23038%3Borigin=https%3A%2F%2Fwww.vacalia.com%2Fblog&amp;%23038%3Bwidgetid=1&amp;%23038%3Benablejsapi=1&amp;%23038%3Bdisablekb=1&amp;%23038%3Bmodestbranding=1&amp;%23038%3Biv_load_policy=3&amp;%23038%3Brel=0&amp;%23038%3Bshowinfo=0&amp;%23038%3Bplaysinline=1&amp;autoplay=1&quot; width=&quot;1200&quot; height=&quot;675&quot;&gt;&lt;\/iframe&gt;&lt;\/div&gt;&lt;\/div&gt;\"\n\t\t\t\t\t\tdata-title=\"\"\n\t\t\t\t\t><div class=\"trx_addons_video_list_image\"><img decoding=\"async\" src=\"\/\/www.vacalia.com\/blog\/wp-content\/uploads\/2024\/05\/plaza-ayuntamiento-Alicante.jpg\" alt=\"Alicante\"><span class=\"trx_addons_video_list_image_label\">Now playing<\/span><\/div><div class=\"trx_addons_video_list_info\"><div class=\"trx_addons_video_list_title\"><a href=\"https:\/\/www.youtube.com\/watch?v=ue-2KsSGYCg\" target=\"_blank\" rel=\"noopener\">Alicante<\/a><\/div><div class=\"trx_addons_video_list_subtitle\">Von den atemberaubenden goldenen Sandstr\u00e4nden bis hin zu den charmanten Ecken der Altstadt.<\/div><\/div><a href=\"#\" class=\"trx_addons_video_list_controller_item_link\"><\/a><\/div><\/div><\/div><\/aside><\/div>\t\t<\/div>\n\t\t\t\t<\/div>\n\t\t\t\t\t<\/div>\n\t\t\t\t<\/div>\n\t\t<div class=\"elementor-element elementor-element-25fad2f5 e-flex e-con-boxed sc_inner_width_none sc_layouts_column_icons_position_left e-con e-parent\" data-id=\"25fad2f5\" data-element_type=\"container\">\n\t\t\t\t\t<div class=\"e-con-inner\">\n\t\t\t\t<div class=\"elementor-element elementor-element-7a27b639 sc_height_large sc_fly_static elementor-widget elementor-widget-spacer\" data-id=\"7a27b639\" data-element_type=\"widget\" data-widget_type=\"spacer.default\">\n\t\t\t\t<div class=\"elementor-widget-container\">\n\t\t\t\t\t<div class=\"elementor-spacer\">\n\t\t\t<div class=\"elementor-spacer-inner\"><\/div>\n\t\t<\/div>\n\t\t\t\t<\/div>\n\t\t\t\t<\/div>\n\t\t\t\t\t<\/div>\n\t\t\t\t<\/div>\n\t\t\t\t<section class=\"elementor-section elementor-top-section elementor-element elementor-element-23218cf7 elementor-section-boxed elementor-section-height-default elementor-section-height-default sc_fly_static\" data-id=\"23218cf7\" data-element_type=\"section\" data-settings=\"{&quot;background_background&quot;:&quot;classic&quot;}\">\n\t\t\t\t\t\t<div class=\"elementor-container elementor-column-gap-extended\">\n\t\t\t\t\t<div class=\"elementor-column elementor-col-100 elementor-top-column elementor-element elementor-element-1962f98c sc_inner_width_none sc_content_align_inherit sc_layouts_column_icons_position_left sc_fly_static\" data-id=\"1962f98c\" data-element_type=\"column\">\n\t\t\t<div class=\"elementor-widget-wrap elementor-element-populated\">\n\t\t\t\t\t\t<div class=\"elementor-element elementor-element-28584968 animation_type_block sc_fly_static elementor-invisible elementor-widget elementor-widget-trx_sc_title\" data-id=\"28584968\" data-element_type=\"widget\" data-settings=\"{&quot;_animation&quot;:&quot;tripster-fadeinup&quot;}\" data-widget_type=\"trx_sc_title.default\">\n\t\t\t\t<div class=\"elementor-widget-container\">\n\t\t\t<div\t\tclass=\"sc_title sc_title_default\"><h2 class=\"sc_item_title sc_title_title sc_align_center sc_item_title_style_default trx_addons_inline_245330245\"\n\t\t\t><span class=\"sc_item_title_text\">Ferienh\u00e4user in Alicante<\/span><\/h2><\/div>\t\t<\/div>\n\t\t\t\t<\/div>\n\t\t\t\t<div class=\"elementor-element elementor-element-9d6e80f sc_height_small sc_fly_static elementor-widget elementor-widget-spacer\" data-id=\"9d6e80f\" data-element_type=\"widget\" data-widget_type=\"spacer.default\">\n\t\t\t\t<div class=\"elementor-widget-container\">\n\t\t\t\t\t<div class=\"elementor-spacer\">\n\t\t\t<div class=\"elementor-spacer-inner\"><\/div>\n\t\t<\/div>\n\t\t\t\t<\/div>\n\t\t\t\t<\/div>\n\t\t\t\t<div class=\"elementor-element elementor-element-12c7d644 sc_fly_static elementor-widget elementor-widget-shortcode\" data-id=\"12c7d644\" data-element_type=\"widget\" data-widget_type=\"shortcode.default\">\n\t\t\t\t<div class=\"elementor-widget-container\">\n\t\t\t\t\t<div class=\"elementor-shortcode\"><div class=\"bannerBlog\"><div class=\"new-card-houses\">\n    <div class=\"likeOut likeDivOut\" style=\"display:none\">\n        <a data-id=\"2838\" class=\"likeOut_button_red likeBtnFav\"\n            aria-label=\"Megusta Vacalia\"><\/a>\n    <\/div>\n    <figure>\n        <img loading=\"lazy\" decoding=\"async\" \n            loading=\"lazy\" width=\"301\" height=\"200\"\n            src=\"\/\/media.vacalia.com\/photo\/reformatwebpfolder\/350\/200\/2838\/thumb-middle\/2838_06c902e5155c905c9c7ca2e45a53fefd.webp?v=21092023\"\n            alt=\"Frederic - Ferienhaus auf X\u00e0bia\/J\u00e1vea\"\/>\n                                                                        <div class=\"circleDiscount\">-8%<\/div>\n                        <\/figure>\n    <p itemprop=\"address\"><i class=\"ico-marker\"><\/i>X\u00e0bia\/J\u00e1vea, Alicante<\/p>\n    <h3 itemprop=\"name\">Frederic<\/h3>\n    <ul class=\"icon_list inline_list\">\n                              <li class=\"ico-pool\" title=\"Pool\">\n              <span itemprop=\"amenityFeature\">Pool<\/span>\n            <\/li>\n                      <li class=\"ico-wifi\" title=\"Wifi\">\n              <span itemprop=\"amenityFeature\">Wifi<\/span>\n            <\/li>\n                          <li class=\"ico-guests\" title=\"F\u00fcr 6 G\u00e4ste in X\u00e0bia\/j\u00e1vea.\">\n          <span itemprop=\"occupancy\">6<\/span>\n        <\/li>\n    <\/ul>\n            <span class=\"price\">Ab 100\u20ac \/ Nacht<\/span>\n                <a itemprop=\"url\" class=\"anchor\" href=\"https:\/\/www.vacalia.com\/de\/villa-frederic-xabia-javea-h19851\" aria-label=\"Frederic\"><\/a>\n<\/div><div class=\"new-card-houses\">\n    <div class=\"likeOut likeDivOut\" style=\"display:none\">\n        <a data-id=\"3259\" class=\"likeOut_button_red likeBtnFav\"\n            aria-label=\"Megusta Vacalia\"><\/a>\n    <\/div>\n    <figure>\n        <img loading=\"lazy\" decoding=\"async\" \n            loading=\"lazy\" width=\"301\" height=\"200\"\n            src=\"\/\/media.vacalia.com\/photo\/reformatwebpfolder\/350\/200\/3259\/thumb-middle\/3259_c04f4bc50d7feb05cd12832d2286b9b6.webp?v=21092023\"\n            alt=\"Casa lea - Ferienhaus auf Alcalal\u00ed\"\/>\n                                                                        <div class=\"circleDiscount\">-2%<\/div>\n                        <\/figure>\n    <p itemprop=\"address\"><i class=\"ico-marker\"><\/i>Alcalal\u00ed, Alicante<\/p>\n    <h3 itemprop=\"name\">Casa lea<\/h3>\n    <ul class=\"icon_list inline_list\">\n                              <li class=\"ico-pool\" title=\"Pool\">\n              <span itemprop=\"amenityFeature\">Pool<\/span>\n            <\/li>\n                      <li class=\"ico-airConditioning\" title=\"Klimaanlage\">\n              <span itemprop=\"amenityFeature\">Klimaanlage<\/span>\n            <\/li>\n                      <li class=\"ico-wifi\" title=\"Wifi\">\n              <span itemprop=\"amenityFeature\">Wifi<\/span>\n            <\/li>\n                      <li class=\"ico-pets\" title=\"Haustiere\">\n              <span itemprop=\"amenityFeature\">Haustiere<\/span>\n            <\/li>\n                          <li class=\"ico-guests\" title=\"F\u00fcr 5 G\u00e4ste in Alcalal\u00ed.\">\n          <span itemprop=\"occupancy\">5<\/span>\n        <\/li>\n    <\/ul>\n            <span class=\"price\">Ab 209\u20ac \/ Nacht<\/span>\n                <a itemprop=\"url\" class=\"anchor\" href=\"https:\/\/www.vacalia.com\/de\/villa-casa-lea-alcalali-h23047\" aria-label=\"Casa lea\"><\/a>\n<\/div><div class=\"new-card-houses\">\n    <div class=\"likeOut likeDivOut\" style=\"display:none\">\n        <a data-id=\"2837\" class=\"likeOut_button_red likeBtnFav\"\n            aria-label=\"Megusta Vacalia\"><\/a>\n    <\/div>\n    <figure>\n        <img loading=\"lazy\" decoding=\"async\" \n            loading=\"lazy\" width=\"301\" height=\"200\"\n            src=\"\/\/media.vacalia.com\/photo\/reformatwebpfolder\/350\/200\/2837\/thumb-middle\/2837_a5029b586275288353e119c208bf09d4.webp?v=21092023\"\n            alt=\"Gladiolo - Ferienhaus auf X\u00e0bia\/J\u00e1vea\"\/>\n                                                                        <div class=\"circleDiscount\">-11%<\/div>\n                        <\/figure>\n    <p itemprop=\"address\"><i class=\"ico-marker\"><\/i>X\u00e0bia\/J\u00e1vea, Alicante<\/p>\n    <h3 itemprop=\"name\">Gladiolo<\/h3>\n    <ul class=\"icon_list inline_list\">\n                              <li class=\"ico-pool\" title=\"Pool\">\n              <span itemprop=\"amenityFeature\">Pool<\/span>\n            <\/li>\n                      <li class=\"ico-airConditioning\" title=\"Klimaanlage\">\n              <span itemprop=\"amenityFeature\">Klimaanlage<\/span>\n            <\/li>\n                      <li class=\"ico-wifi\" title=\"Wifi\">\n              <span itemprop=\"amenityFeature\">Wifi<\/span>\n            <\/li>\n                          <li class=\"ico-guests\" title=\"F\u00fcr 6 G\u00e4ste in X\u00e0bia\/j\u00e1vea.\">\n          <span itemprop=\"occupancy\">6<\/span>\n        <\/li>\n    <\/ul>\n            <span class=\"price\">Ab 101\u20ac \/ Nacht<\/span>\n                <a itemprop=\"url\" class=\"anchor\" href=\"https:\/\/www.vacalia.com\/de\/villa-gladiolo-xabia-javea-h19641\" aria-label=\"Gladiolo\"><\/a>\n<\/div><div class=\"new-card-houses\">\n    <div class=\"likeOut likeDivOut\" style=\"display:none\">\n        <a data-id=\"5111\" class=\"likeOut_button_red likeBtnFav\"\n            aria-label=\"Megusta Vacalia\"><\/a>\n    <\/div>\n    <figure>\n        <img loading=\"lazy\" decoding=\"async\" \n            loading=\"lazy\" width=\"301\" height=\"200\"\n            src=\"\/\/media.vacalia.com\/photo\/reformatwebpfolder\/350\/200\/5111\/thumb-middle\/5111_a0779e58760ac7597319a61fca37c529.webp?v=21092023\"\n            alt=\"Alexia i 92 - grupo turis - Ferienhaus auf Calp\"\/>\n                                                                    <\/figure>\n    <p itemprop=\"address\"><i class=\"ico-marker\"><\/i>Calp, Alicante<\/p>\n    <h3 itemprop=\"name\">Alexia i 92 - grupo turis<\/h3>\n    <ul class=\"icon_list inline_list\">\n                              <li class=\"ico-pool\" title=\"Pool\">\n              <span itemprop=\"amenityFeature\">Pool<\/span>\n            <\/li>\n                      <li class=\"ico-airConditioning\" title=\"Klimaanlage\">\n              <span itemprop=\"amenityFeature\">Klimaanlage<\/span>\n            <\/li>\n                      <li class=\"ico-views\" title=\"Ausblick\">\n              <span itemprop=\"amenityFeature\">Ausblick<\/span>\n            <\/li>\n                          <li class=\"ico-guests\" title=\"F\u00fcr 5 G\u00e4ste in Calp.\">\n          <span itemprop=\"occupancy\">5<\/span>\n        <\/li>\n    <\/ul>\n            <span class=\"price\">Ab 72\u20ac \/ Nacht<\/span>\n                <a itemprop=\"url\" class=\"anchor\" href=\"https:\/\/www.vacalia.com\/de\/apartment-alexia-i-92-grupo-turis-calp-h31961\" aria-label=\"Alexia i 92 - grupo turis\"><\/a>\n<\/div><\/div><\/div>\n\t\t\t\t<\/div>\n\t\t\t\t<\/div>\n\t\t\t\t<div class=\"elementor-element elementor-element-3d3ff724 animation_type_block sc_fly_static elementor-invisible elementor-widget elementor-widget-trx_sc_button\" data-id=\"3d3ff724\" data-element_type=\"widget\" data-settings=\"{&quot;_animation&quot;:&quot;tripster-fadeinup&quot;}\" data-widget_type=\"trx_sc_button.default\">\n\t\t\t\t<div class=\"elementor-widget-container\">\n\t\t\t<div\tclass=\"sc_item_button sc_button_wrap sc_align_center\"><a href=\"https:\/\/www.vacalia.com\/de\/ferienhaus-alicante\" class=\"sc_button sc_button_default sc_button_size_normal sc_button_icon_left\"><span class=\"sc_button_text\"><span class=\"sc_button_title\">Zeige alle H\u00e4user<\/span><\/span><\/a><\/div>\t\t<\/div>\n\t\t\t\t<\/div>\n\t\t\t\t<div class=\"elementor-element elementor-element-6d6e4f23 sc_height_large sc_fly_static elementor-widget elementor-widget-spacer\" data-id=\"6d6e4f23\" data-element_type=\"widget\" data-widget_type=\"spacer.default\">\n\t\t\t\t<div class=\"elementor-widget-container\">\n\t\t\t\t\t<div class=\"elementor-spacer\">\n\t\t\t<div class=\"elementor-spacer-inner\"><\/div>\n\t\t<\/div>\n\t\t\t\t<\/div>\n\t\t\t\t<\/div>\n\t\t\t\t\t<\/div>\n\t\t<\/div>\n\t\t\t\t\t<\/div>\n\t\t<\/section>\n\t\t<div class=\"elementor-element elementor-element-13a81ebf e-con-full e-flex sc_inner_width_none sc_layouts_column_icons_position_left e-con e-parent\" data-id=\"13a81ebf\" data-element_type=\"container\" data-settings=\"{&quot;background_background&quot;:&quot;classic&quot;}\">\n\t\t\t\t<div class=\"elementor-element elementor-element-66ebf224 elementor-widget__width-inherit sc_fly_static elementor-widget elementor-widget-trx_sc_socials\" data-id=\"66ebf224\" data-element_type=\"widget\" data-widget_type=\"trx_sc_socials.default\">\n\t\t\t\t<div class=\"elementor-widget-container\">\n\t\t\t<div  \n\t\tclass=\"sc_socials sc_socials_default sc_align_center\"><div class=\"socials_wrap sc_item_content\"><a target=\"_blank\" href=\"https:\/\/www.facebook.com\/VacaliaOficial\" class=\"social_item social_item_style_icons sc_icon_type_icons social_item_type_icons\" rel=\"noopener\"><span class=\"social_icon social_icon_facebook\" style=\"\"><span class=\"icon-facebook\"><\/span><\/span><\/a><a target=\"_blank\" href=\"https:\/\/x.com\/VacaliaOficial\" class=\"social_item social_item_style_icons sc_icon_type_icons social_item_type_icons\"><span class=\"social_icon social_icon_x\" style=\"\"><span class=\"icon-x\"><\/span><\/span><\/a><a target=\"_blank\" href=\"https:\/\/www.instagram.com\/vacalia\/\" class=\"social_item social_item_style_icons sc_icon_type_icons social_item_type_icons\" rel=\"noopener\"><span class=\"social_icon social_icon_instagram-logo\" style=\"\"><span class=\"icon-instagram-logo\"><\/span><\/span><\/a><a target=\"_blank\" href=\"https:\/\/www.youtube.com\/channel\/UCXR8fHx9Ugu1RpXBpYH4Dng\" class=\"social_item social_item_style_icons sc_icon_type_icons social_item_type_icons\" rel=\"noopener\"><span class=\"social_icon social_icon_youtube\" style=\"\"><span class=\"icon-youtube\"><\/span><\/span><\/a><a target=\"_blank\" href=\"https:\/\/www.linkedin.com\/company\/vacalia-com\" class=\"social_item social_item_style_icons sc_icon_type_icons social_item_type_icons\" rel=\"noopener\"><span class=\"social_icon social_icon_linkedin\" style=\"\"><span class=\"icon-linkedin\"><\/span><\/span><\/a><\/div><\/div>\t\t<\/div>\n\t\t\t\t<\/div>\n\t\t\t\t<\/div>\n\t\t<div class=\"elementor-element elementor-element-2bba3de e-con-full e-flex sc_inner_width_none sc_layouts_column_icons_position_left e-con e-parent\" data-id=\"2bba3de\" data-element_type=\"container\" data-settings=\"{&quot;background_background&quot;:&quot;classic&quot;}\">\n\t\t\t\t<div class=\"elementor-element elementor-element-186613c5 sc_fly_static elementor-widget elementor-widget-spacer\" data-id=\"186613c5\" data-element_type=\"widget\" data-widget_type=\"spacer.default\">\n\t\t\t\t<div class=\"elementor-widget-container\">\n\t\t\t\t\t<div class=\"elementor-spacer\">\n\t\t\t<div class=\"elementor-spacer-inner\"><\/div>\n\t\t<\/div>\n\t\t\t\t<\/div>\n\t\t\t\t<\/div>\n\t\t\t\t<div class=\"elementor-element elementor-element-1c403d2c elementor-widget__width-auto sc_fly_static elementor-widget elementor-widget-trx_sc_layouts_menu\" data-id=\"1c403d2c\" data-element_type=\"widget\" data-widget_type=\"trx_sc_layouts_menu.default\">\n\t\t\t\t<div class=\"elementor-widget-container\">\n\t\t\t<nav class=\"sc_layouts_menu sc_layouts_menu_default sc_layouts_menu_dir_horizontal menu_hover_fade\" data-animation-in=\"fadeIn\" data-animation-out=\"fadeOut\"><ul id=\"sc_layouts_menu_1935407641\" class=\"sc_layouts_menu_nav\"><li id=\"menu-item-5814\" class=\"menu-item menu-item-type-custom menu-item-object-custom menu-item-5814\"><a href=\"https:\/\/www.vacalia.com\/de\/eigentumer\"><span>Inserieren Sie Ihr Eigentum<\/span><\/a><\/li><li id=\"menu-item-5815\" class=\"menu-item menu-item-type-custom menu-item-object-custom menu-item-5815\"><a href=\"https:\/\/www.vacalia.com\/de\/ferienhaus\"><span>Ferienhaus<\/span><\/a><\/li><li id=\"menu-item-5816\" class=\"menu-item menu-item-type-custom menu-item-object-custom menu-item-5816\"><a href=\"https:\/\/www.vacalia.com\/de\/unser-team\"><span>Unser Team<\/span><\/a><\/li><li id=\"menu-item-5817\" class=\"menu-item menu-item-type-custom menu-item-object-custom menu-item-5817\"><a href=\"https:\/\/www.vacalia.com\/de\/autovermietungen\"><span>Autovermietungen<\/span><\/a><\/li><li id=\"menu-item-5818\" class=\"menu-item menu-item-type-custom menu-item-object-custom menu-item-5818\"><a href=\"https:\/\/www.vacalia.com\/de\/haufig-gestellte-fragen\"><span>H\u00e4ufig gestellte fragen<\/span><\/a><\/li><li id=\"menu-item-5819\" class=\"menu-item menu-item-type-custom menu-item-object-custom menu-item-5819\"><a href=\"https:\/\/www.vacalia.com\/de\/kontakt\"><span>Kontakt<\/span><\/a><\/li><\/ul><\/nav>\t\t<\/div>\n\t\t\t\t<\/div>\n\t\t\t\t<div class=\"elementor-element elementor-element-70a69c52 elementor-widget__width-inherit sc_fly_static elementor-widget elementor-widget-heading\" data-id=\"70a69c52\" data-element_type=\"widget\" data-widget_type=\"heading.default\">\n\t\t\t\t<div class=\"elementor-widget-container\">\n\t\t\t<span class=\"elementor-heading-title elementor-size-default\">Copyright \u00a9 2024 by Vacalia.com. All rights reserved. <\/span>\t\t<\/div>\n\t\t\t\t<\/div>\n\t\t\t\t<\/div>\n\t\t\t\t<\/div>\n\t\t","protected":false},"excerpt":{"rendered":"<p>Alicante Entdecken H\u00f6hepunkte eines Urlaubs in Alicante Zeige alle H\u00e4user Ihr Urlaub in Alicante in Bildern Now playingAlicanteVon den atemberaubenden goldenen Sandstr\u00e4nden bis hin zu den charmanten Ecken der Altstadt.&hellip;<\/p>\n","protected":false},"author":1,"featured_media":0,"parent":0,"menu_order":0,"comment_status":"closed","ping_status":"closed","template":"","meta":{"_monsterinsights_skip_tracking":false,"_monsterinsights_sitenote_active":false,"_monsterinsights_sitenote_note":"","_monsterinsights_sitenote_category":0,"footnotes":""},"class_list":["post-5945","page","type-page","status-publish","hentry"],"_links":{"self":[{"href":"https:\/\/www.vacalia.com\/blog\/wp-json\/wp\/v2\/pages\/5945"}],"collection":[{"href":"https:\/\/www.vacalia.com\/blog\/wp-json\/wp\/v2\/pages"}],"about":[{"href":"https:\/\/www.vacalia.com\/blog\/wp-json\/wp\/v2\/types\/page"}],"author":[{"embeddable":true,"href":"https:\/\/www.vacalia.com\/blog\/wp-json\/wp\/v2\/users\/1"}],"replies":[{"embeddable":true,"href":"https:\/\/www.vacalia.com\/blog\/wp-json\/wp\/v2\/comments?post=5945"}],"version-history":[{"count":25,"href":"https:\/\/www.vacalia.com\/blog\/wp-json\/wp\/v2\/pages\/5945\/revisions"}],"predecessor-version":[{"id":7777,"href":"https:\/\/www.vacalia.com\/blog\/wp-json\/wp\/v2\/pages\/5945\/revisions\/7777"}],"wp:attachment":[{"href":"https:\/\/www.vacalia.com\/blog\/wp-json\/wp\/v2\/media?parent=5945"}],"curies":[{"name":"wp","href":"https:\/\/api.w.org\/{rel}","templated":true}]}}